{"id":23,"date":"2020-08-25T20:06:40","date_gmt":"2020-08-25T23:06:40","guid":{"rendered":"https:\/\/www2.energia.coop\/colombia\/?page_id=23"},"modified":"2023-02-16T14:10:35","modified_gmt":"2023-02-16T17:10:35","slug":"sector-de-energico","status":"publish","type":"page","link":"https:\/\/www2.energia.coop\/colombia\/sector-de-energico\/","title":{"rendered":"Sector de Energ\u00eda"},"content":{"rendered":"<h1><a id=\"contexto\" name=\"contexto\"><\/a>Contexto energ\u00e9tico colombiano<\/h1>\n<p>El Sistema Interconectado Nacional (SIN) contiene todas las l\u00edneas de transmisi\u00f3n y las subestaciones del pa\u00eds. El SIN es la red a trav\u00e9s de cual se administra y transporta la energ\u00eda desde los centros de generaci\u00f3n hasta cada uno de los hogares. Tiene una cobertura de cerca del 97% de la poblaci\u00f3n y una capacidad instalada de 17.326 MW (XM, 2022). El sector el\u00e9ctrico colombiano se compone de las empresas a cargo de cada uno de los eslabones de la cadena productiva que se muestra en la figura de abajo, y por las entidades a cargo de su regulaci\u00f3n vigilancia y control. Entre el \u00faltimo grupo se encuentran el Ministerio de Minas y Energ\u00eda, que es el que dirige el sistema; la UPME, que est\u00e1 a cargo de la planeaci\u00f3n: la CREG, que es el ente regulador; y XM, que es el administrador del mercado.<\/p>\n<p><img loading=\"lazy\" decoding=\"async\" class=\"alignnone wp-image-1905 size-full\" src=\"https:\/\/www2.energia.coop\/colombia\/wp-content\/uploads\/2022\/11\/setor_1-e1676566164902.png\" alt=\"\" width=\"1139\" height=\"230\" srcset=\"https:\/\/www2.energia.coop\/colombia\/wp-content\/uploads\/2022\/11\/setor_1-e1676566164902.png 1139w, https:\/\/www2.energia.coop\/colombia\/wp-content\/uploads\/2022\/11\/setor_1-e1676566164902-300x61.png 300w, https:\/\/www2.energia.coop\/colombia\/wp-content\/uploads\/2022\/11\/setor_1-e1676566164902-1024x207.png 1024w, https:\/\/www2.energia.coop\/colombia\/wp-content\/uploads\/2022\/11\/setor_1-e1676566164902-768x155.png 768w\" sizes=\"auto, (max-width: 1139px) 100vw, 1139px\" \/><\/p>\n<p>El 83,4% de la energ\u00eda generada en Colombia es de origen renovable, mientras 16,6% es no renovable. Desde hace unos a\u00f1os el gobierno busca diversificar la matriz de generaci\u00f3n el\u00e9ctrica, con la inclusi\u00f3n de nuevas plantas de generaci\u00f3n h\u00eddricas, solares y e\u00f3licas. El primer impulso se vio con la ley 1715 del 2014 d\u00f3nde se crearon incentivos tributarios para que las personas instalaran sistemas de generaci\u00f3n renovable; no obstante, son las resoluciones CREG 030 del 2018 y 174 del 2021 las que impulsaron la adopci\u00f3n de los recursos energ\u00e9ticos distribuidos por parte de los usuarios finales, bajo el esquema de autogeneraci\u00f3n, tanto en el sector residencial, como en el comercial e industrial.<\/p>\n<p>M\u00e1s recientemente, en la ley 2099 del 2021, se dictan disposiciones espec\u00edficas para la transici\u00f3n energ\u00e9tica. As\u00ed, se espera que los usuarios comiencen a tomar un papel m\u00e1s activo dentro de la cadena de producci\u00f3n de energ\u00eda el\u00e9ctrica por medio de la adopci\u00f3n de sistemas de autogeneraci\u00f3n, la implementaci\u00f3n de estrategias de eficiencia energ\u00e9tica, agregaci\u00f3n de la demanda, la instalaci\u00f3n de medidores inteligentes y el uso de las plataformas emergentes para la comercializaci\u00f3n y gesti\u00f3n de la energ\u00eda.<\/p>\n<p>&nbsp;<\/p>\n<h1><a id=\"pero\" name=\"pero\"><\/a> Pero, a fin de cuentas, \u00bfqu\u00e9 son las fuentes de energ\u00eda renovables y en qu\u00e9 consisten?<\/h1>\n<h2>Matriz de generaci\u00f3n de energ\u00eda el\u00e9ctrica en Colombia<\/h2>\n<ul>\n<li>81,82% Hidroel\u00e9trica<\/li>\n<li>16,6% No renovables<\/li>\n<li>1,07% Biomasa<\/li>\n<li>0,44% Solar<\/li>\n<li>0,08% E\u00f3lica<\/li>\n<\/ul>\n<p><a href=\"https:\/\/informeanual.xm.com.co\/informe\/pages\/xm\/21-generacion-del-sin.html\">[1]<\/a><\/p>\n<h2><span lang=\"ES-CO\">Energ\u00eda de Biomasa<\/span><\/h2>\n<p><img loading=\"lazy\" decoding=\"async\" class=\"alignnone size-full wp-image-1931\" src=\"https:\/\/www2.energia.coop\/colombia\/wp-content\/uploads\/2022\/12\/Imagem1.png\" alt=\"\" width=\"570\" height=\"378\" srcset=\"https:\/\/www2.energia.coop\/colombia\/wp-content\/uploads\/2022\/12\/Imagem1.png 570w, https:\/\/www2.energia.coop\/colombia\/wp-content\/uploads\/2022\/12\/Imagem1-300x199.png 300w\" sizes=\"auto, (max-width: 570px) 100vw, 570px\" \/><\/p>\n<p>La biomasa se refiere a todos los materiales org\u00e1nicos de origen vegetal o animal que se utilizan como fuentes de energ\u00eda y se regeneran en per\u00edodos de tiempo razonables. La forma tradicional es la combusti\u00f3n de biomasa, como la madera o los residuos org\u00e1nicos. Es importante que la madera proceda de una planta regeneradora para que se clasifique como energ\u00eda renovable. Adem\u00e1s, hay que evitar la quema y la deforestaci\u00f3n para no destruir la biodiversidad y emitir grandes cantidades de carbono.<\/p>\n<p>Las formas modernas incluyen la producci\u00f3n de biocombustibles. Otro tipo de energ\u00eda bastante relevante es el biog\u00e1s. A trav\u00e9s de un proceso fermentativo (biodigesti\u00f3n) que se produce en un ambiente anaer\u00f3bico (en ausencia de ox\u00edgeno) los residuos org\u00e1nicos se degradan a compuestos m\u00e1s simples, reduciendo su poder contaminante y generando biog\u00e1s. El biog\u00e1s est\u00e1 compuesto en su mayor parte por metano, por lo que tiene un alto poder energ\u00e9tico y puede utilizarse para generar electricidad, energ\u00eda t\u00e9rmica y para la producci\u00f3n de biometano (como combustible para veh\u00edculos).<\/p>\n<p>Seg\u00fan el CIDET (2019), Colombia tiene un potencial energ\u00e9tico te\u00f3rico de 149.436 TJ\/a\u00f1o, que podr\u00eda provenir de la biomasa de la vinaza de ca\u00f1a de az\u00facar, av\u00edcola, palma de aceite, residuos s\u00f3lidos urbanos org\u00e1nicos y porc\u00edcolas, residual agr\u00edcola, pecuaria, agroindustrial y urbana. El potencial de biomasa aprovechable corresponde al 26% de la demanda nacional de gas natural, seg\u00fan datos del Balance Energ\u00e9tico Colombiano <a href=\"https:\/\/cidet.org.co\/disponibilidad-de-biomasa-residual-y-su-potencial-en-colombia\/#:~:text=Se%20encontr%C3%B3%20que%20el%20pa%C3%ADs,datos%20del%20Balance%20Energ%C3%A9tico%20Colombiano.\">[2]<\/a>.<\/p>\n<h2><span lang=\"ES-CO\">Energ\u00eda Solar<\/span><\/h2>\n<p><img loading=\"lazy\" decoding=\"async\" class=\"alignnone size-full wp-image-1932\" src=\"https:\/\/www2.energia.coop\/colombia\/wp-content\/uploads\/2022\/12\/Imagem2.png\" alt=\"\" width=\"567\" height=\"376\" srcset=\"https:\/\/www2.energia.coop\/colombia\/wp-content\/uploads\/2022\/12\/Imagem2.png 567w, https:\/\/www2.energia.coop\/colombia\/wp-content\/uploads\/2022\/12\/Imagem2-300x199.png 300w\" sizes=\"auto, (max-width: 567px) 100vw, 567px\" \/><\/p>\n<p>La energ\u00eda solar es la que proviene del calor o la luz del sol. Existen varias formas, pero las dos m\u00e1s comunes son la energ\u00eda fotovoltaica y la t\u00e9rmica. El funcionamiento de este \u00faltimo es bastante sencillo. Los colectores solares transforman la energ\u00eda del sol en calor que se utiliza para calentar el agua en casas, hoteles, clubes, etc.<\/p>\n<p>La energ\u00eda solar fotovoltaica (Foto = que tiene su origen en la palabra griega para &#8220;luz&#8221; y Voltaica = que viene de &#8220;volt&#8221; que es la unidad de medida del potencial el\u00e9ctrico) se utiliza para la generaci\u00f3n de energ\u00eda el\u00e9ctrica.<\/p>\n<p>Funciona as\u00ed: Las c\u00e9lulas de los m\u00f3dulos solares est\u00e1n formadas por dos capas de materiales semiconductores, una positiva y otra negativa. Al llegar a la c\u00e9lula, los fotones de la luz excitan los electrones, generando electricidad. Cuanto mayor sea la intensidad del sol, mayor ser\u00e1 el flujo de electricidad. De este modo, la luz solar se transforma directamente en energ\u00eda el\u00e9ctrica.<\/p>\n<p>Colombia tiene un buen potencial energ\u00e9tico solar en todo el territorio, con un promedio diario multianual cercano a 4,5 kWh\/m2. Las regiones con mayor potencial son La Guajira, con una disponibilidad promedio multianual de 2.190 kWh\/m<sup>2<\/sup>\/a\u00f1o, la Costa Atl\u00e1ntica, con 1.825 kWh\/m<sup>2<\/sup>\/a\u00f1o, y la Orinoqu\u00eda, con 1.643 kWh\/m<sup>2<\/sup>\/a\u00f1o <a href=\"http:\/\/www.upme.gov.co\/docs\/atlas_radiacion_solar\/1-atlas_radiacion_solar.pdf\">[3]<\/a>.<\/p>\n<h2><span lang=\"ES-CO\">Energ\u00eda E\u00f3lica<\/span><\/h2>\n<p><img loading=\"lazy\" decoding=\"async\" class=\"alignnone size-full wp-image-1933\" src=\"https:\/\/www2.energia.coop\/colombia\/wp-content\/uploads\/2022\/12\/Imagem3.png\" alt=\"\" width=\"564\" height=\"374\" srcset=\"https:\/\/www2.energia.coop\/colombia\/wp-content\/uploads\/2022\/12\/Imagem3.png 564w, https:\/\/www2.energia.coop\/colombia\/wp-content\/uploads\/2022\/12\/Imagem3-300x199.png 300w\" sizes=\"auto, (max-width: 564px) 100vw, 564px\" \/><\/p>\n<p>En t\u00e9rminos muy simplificados, la energ\u00eda e\u00f3lica significa que la energ\u00eda cin\u00e9tica de los movimientos del aire se utiliza para producir electricidad. El viento que golpea las palas del rotor acciona un generador dentro de la turbina que, a su vez, genera electricidad.<\/p>\n<p>Se distinguen dos tipos de energ\u00eda e\u00f3lica que se diferencian por su ubicaci\u00f3n. Son la energ\u00eda e\u00f3lica marina y la terrestre. Como su nombre indica, la tierra utiliza el viento en tierra. En la mayor\u00eda de los casos, esta forma es m\u00e1s barata, ya que las turbinas pueden instalarse en casi cualquier lugar, pero tambi\u00e9n son menos eficientes. La energ\u00eda e\u00f3lica marina utiliza el viento del mar. Los pioneros en esta tecnolog\u00eda son pa\u00edses como Alemania, China, Dinamarca o especialmente el Reino Unido. La ventaja suele ser un mayor rendimiento debido a los vientos m\u00e1s constantes e intensos. Por otro lado, la instalaci\u00f3n y el mantenimiento son mucho m\u00e1s costosos y la tecnolog\u00eda actual no permite que el mar en la obra sea profundo.<\/p>\n<p>En Colombia, la regi\u00f3n Caribe es la que registra el mayor potencial de energ\u00eda e\u00f3lica, de hecho, se tienen previstos 12.500 kil\u00f3metros cuadrados de \u00e1reas prospectivas para su despliegue en esta zona, que corresponden a un potencial de aproximadamente 50 GW (la capacidad instalada de Colombia actualmente es 17.8 GW) <a href=\"https:\/\/www.larepublica.co\/economia\/el-potencial-de-la-energia-eolica-en-el-pais-es-tres-veces-superior-al-de-la-generacion-actual-3356354\">[4]<\/a>.<\/p>\n<h2>Energ\u00eda Hidroel\u00e9ctrica<\/h2>\n<p><img loading=\"lazy\" decoding=\"async\" class=\"alignnone size-full wp-image-1934\" src=\"https:\/\/www2.energia.coop\/colombia\/wp-content\/uploads\/2022\/12\/Imagem4.png\" alt=\"\" width=\"566\" height=\"376\" srcset=\"https:\/\/www2.energia.coop\/colombia\/wp-content\/uploads\/2022\/12\/Imagem4.png 566w, https:\/\/www2.energia.coop\/colombia\/wp-content\/uploads\/2022\/12\/Imagem4-300x199.png 300w\" sizes=\"auto, (max-width: 566px) 100vw, 566px\" \/><\/p>\n<p>La tecnolog\u00eda de la energ\u00eda hidroel\u00e9ctrica en s\u00ed es muy antigua. Los molinos de agua y las ruedas hidr\u00e1ulicas ya se utilizaban en el Imperio Persa, en el Imperio Romano o en la antigua China.<\/p>\n<p>Funciona de la siguiente manera: la energ\u00eda potencial del agua embalsada se transforma en energ\u00eda cin\u00e9tica cuando fluye por las tuber\u00edas de la planta. En cuanto el agua entra en contacto con la turbina, impulsa un generador.<\/p>\n<p>El 81% de la electricidad que se gener\u00f3 en Colombia en 2021 se produjo a partir de hidroel\u00e9ctricas, gracias a que el pa\u00eds cuenta con una gran disponibilidad de recursos h\u00eddricos <a href=\"https:\/\/informeanual.xm.com.co\/informe\/pages\/xm\/21-generacion-del-sin.html\">[1]<\/a>. Esto hace que el sistema el\u00e9ctrico sea altamente vulnerable ante los fen\u00f3menos hidro-climatol\u00f3gicos, como el del Ni\u00f1o -que genera sequ\u00edas en la regi\u00f3n-, raz\u00f3n por la que el gobierno est\u00e1 buscando activamente diversificar la canasta el\u00e9ctrica sumando capacidad instala en otras energ\u00edas renovables.<\/p>\n<h2>Energ\u00eda Geot\u00e9rmica<\/h2>\n<p><img loading=\"lazy\" decoding=\"async\" class=\"alignnone size-full wp-image-1935\" src=\"https:\/\/www2.energia.coop\/colombia\/wp-content\/uploads\/2022\/12\/Imagem5.png\" alt=\"\" width=\"567\" height=\"376\" srcset=\"https:\/\/www2.energia.coop\/colombia\/wp-content\/uploads\/2022\/12\/Imagem5.png 567w, https:\/\/www2.energia.coop\/colombia\/wp-content\/uploads\/2022\/12\/Imagem5-300x199.png 300w\" sizes=\"auto, (max-width: 567px) 100vw, 567px\" \/><\/p>\n<p>La energ\u00eda geot\u00e9rmica o geotermia consiste en el proceso de obtenci\u00f3n de energ\u00eda a trav\u00e9s del calor presente en el n\u00facleo de la Tierra.<\/p>\n<p>Debajo de la corteza terrestre se encuentra el magma, un tipo de roca l\u00edquida que tiene una alta temperatura. La energ\u00eda geot\u00e9rmica representa el uso de este calor como materia fundamental para la producci\u00f3n de electricidad, calefacci\u00f3n de edificios, invernaderos, etc.<\/p>\n<p>En Colombia, se estima que hay un potencial de aprovechamiento del calor de la tierra de 1170 MW, sin embargo, seg\u00fan Germ\u00e1n Corredor, director ejecutivo de SER Colombia, no ha habido perforaciones directas que permitan afirmar dicho potencial. Esto sumado al poco inter\u00e9s por parte del sector privado, ha hecho que la energ\u00eda geot\u00e9rmica tenga un desarrollo incipiente en el pa\u00eds <a href=\"https:\/\/www.larepublica.co\/economia\/colombia-tiene-potencial-de-1-170-mw-de-generacion-a-traves-de-recursos-geotermicos-3238058#:~:text=Colombia%20tiene%20capacidad%20potencial%20de%201.170%20MW%20de%20generaci%C3%B3n%20a%20trav%C3%A9s%20de%20geotermia\">[5]<\/a>.<\/p>\n<h2>Energ\u00eda Mareomotriz<\/h2>\n<p><img loading=\"lazy\" decoding=\"async\" class=\"alignnone size-full wp-image-1936\" src=\"https:\/\/www2.energia.coop\/colombia\/wp-content\/uploads\/2022\/12\/Imagem6.png\" alt=\"\" width=\"567\" height=\"376\" srcset=\"https:\/\/www2.energia.coop\/colombia\/wp-content\/uploads\/2022\/12\/Imagem6.png 567w, https:\/\/www2.energia.coop\/colombia\/wp-content\/uploads\/2022\/12\/Imagem6-300x199.png 300w\" sizes=\"auto, (max-width: 567px) 100vw, 567px\" \/><\/p>\n<p>Es la energ\u00eda que se puede producir a partir de las olas y las mareas de los oc\u00e9anos. Se considera un medio de energ\u00eda bastante caro para ser desplegado a gran escala.<\/p>\n<p>Se puede utilizar de dos maneras, como energ\u00eda potencial o cin\u00e9tica. La energ\u00eda potencial se obtiene de las diferencias de altura entre las mareas (baja y alta), mientras que la energ\u00eda cin\u00e9tica aprovecha las corrientes marinas.<\/p>\n<p>Actualmente en Colombia no se tiene un estimado oficial del potencial de generaci\u00f3n de energ\u00eda a partir del movimiento del mar, sin embargo, es un tema que diferentes entidades est\u00e1n estudiando.<\/p>\n<h1><a id=\"estructura\" name=\"estructura\"><\/a> Estructura del mercado el\u00e9ctrico<\/h1>\n<p>Cuando hablamos sobre el mercado el\u00e9ctrico, tenemos que distinguir entre el mercado regulado y el mercado no regulado, ya que ambos tienen diferentes funcionamientos. El mercado regulado es aquel en el que est\u00e1n los usuarios residenciales y algunos comerciales, se denomina regulado dado que los precios de la energ\u00eda son calculados utilizando una formula dictada por el gobierno nacional, asegurando la protecci\u00f3n del precio al usuario. Mientras que en el mercado no regulado las partes de oferta y demanda acuerdan un precio de la energ\u00eda. La estructura del mercado el\u00e9ctrico se ilustra en la figura de abajo.<\/p>\n<p><img loading=\"lazy\" decoding=\"async\" class=\"alignnone size-full wp-image-1906\" src=\"https:\/\/www2.energia.coop\/colombia\/wp-content\/uploads\/2022\/11\/setor_2.png\" alt=\"\" width=\"1192\" height=\"588\" srcset=\"https:\/\/www2.energia.coop\/colombia\/wp-content\/uploads\/2022\/11\/setor_2.png 1192w, https:\/\/www2.energia.coop\/colombia\/wp-content\/uploads\/2022\/11\/setor_2-300x148.png 300w, https:\/\/www2.energia.coop\/colombia\/wp-content\/uploads\/2022\/11\/setor_2-1024x505.png 1024w, https:\/\/www2.energia.coop\/colombia\/wp-content\/uploads\/2022\/11\/setor_2-768x379.png 768w\" sizes=\"auto, (max-width: 1192px) 100vw, 1192px\" \/><\/p>\n<p>&nbsp;<\/p>\n<h1><a id=\"marco\" name=\"marco\"><\/a> Marco regulatorio para la transici\u00f3n energ\u00e9tica<\/h1>\n<p>La transici\u00f3n energ\u00e9tica se ha impulsado en Colombia desde el surgimiento de la ley 1715 del 2014. Antes de ella, el esquema de descentralizaci\u00f3n de la energ\u00eda el\u00e9ctrica se enfocaba solamente en los autogeneradores a gran escala (mayores a 1 MW), con la ley 143 de 1994 y poco despu\u00e9s la resoluci\u00f3n CREG 84 de 1996, se regul\u00f3 la autogeneraci\u00f3n conectada al SIN (Comision de Regulacion de Energia y Gas CREG, 2018). Sin embargo, es apenas con la ley 1715 que los sistemas de autogeneraci\u00f3n a peque\u00f1a escala tienen entrada en el mercado el\u00e9ctrico colombiano.<\/p>\n<p>La ley 1715 del 2014 promueve el desarrollo de las fuentes no convencionales de energ\u00eda renovable (FNCER) en el sector, a trav\u00e9s de su integraci\u00f3n en el mercado el\u00e9ctrico y su participaci\u00f3n en las \u00e1reas no interconectadas, como medio para un desarrollo econ\u00f3mico sostenible, la reducci\u00f3n de emisiones de gases de efecto invernadero y un aumento de la confiabilidad en el suministro de energ\u00eda (Congreso de Colombia, 2014). Por medio de esta ley, se establecieron varios beneficios tributarios, que posteriormente fueron modificados por la ley 2099 del 2021, como se muestra en la figura.<\/p>\n<p><img loading=\"lazy\" decoding=\"async\" class=\"alignnone size-full wp-image-1907\" src=\"https:\/\/www2.energia.coop\/colombia\/wp-content\/uploads\/2022\/11\/setor3.png\" alt=\"\" width=\"1207\" height=\"619\" srcset=\"https:\/\/www2.energia.coop\/colombia\/wp-content\/uploads\/2022\/11\/setor3.png 1207w, https:\/\/www2.energia.coop\/colombia\/wp-content\/uploads\/2022\/11\/setor3-300x154.png 300w, https:\/\/www2.energia.coop\/colombia\/wp-content\/uploads\/2022\/11\/setor3-1024x525.png 1024w, https:\/\/www2.energia.coop\/colombia\/wp-content\/uploads\/2022\/11\/setor3-768x394.png 768w\" sizes=\"auto, (max-width: 1207px) 100vw, 1207px\" \/><\/p>\n<p>&nbsp;<\/p>\n<h1><a id=\"figuras\" name=\"figuras\"><\/a> Figuras para la generaci\u00f3n de energ\u00eda renovable a peque\u00f1a escala en Colombia<\/h1>\n<p>Los auto generadores de peque\u00f1a escala (AGPE) y generadores distribuidos (GD) fueron mencionados por primera vez en la ley 1715 del 2014, como los esquemas ligados a la integraci\u00f3n de FNCER con capacidades menores a 1 MW (Unidad de Planeaci\u00f3n Minero Energ\u00e9tica UPME, 2015). Estas figuras legales se definen como:<\/p>\n<blockquote>\n<p style=\"text-align: center;\"><em><strong>Generaci\u00f3n distribuida:<\/strong> es la actividad de generar energ\u00eda el\u00e9ctrica con una planta con una capacidad instalada nominal menor a 1 megavatio, que est\u00e1 instalada cerca de los centros de consumo y conectaba a los sistemas de distribuci\u00f3n local (SDL)<\/em><\/p>\n<p style=\"text-align: center;\"><em><strong>Autogeneraci\u00f3n a peque\u00f1a escala:<\/strong> Actividad realizada por los usuarios, entendidos como personas naturales o jur\u00eddicas, de producir electricidad dentro de sus instalaciones, para satisfacer sus necesidades energ\u00e9ticas.<\/em><\/p>\n<\/blockquote>\n<p>En el 2018, a trav\u00e9s de la resoluci\u00f3n CREG 038, se regularon las actividades de autogeneraci\u00f3n a peque\u00f1a escala y generaci\u00f3n distribuida (Comisi\u00f3n de Regulaci\u00f3n de Energ\u00eda y Gas CREG, 2018). La resoluci\u00f3n 030 estableci\u00f3 las condiciones de conexi\u00f3n, medici\u00f3n y comercializaci\u00f3n a la red de los AGPE y GD; esta fue actualizada por la resoluci\u00f3n CREG 174 del 2021 (Comisi\u00f3n de Regulaci\u00f3n de Energ\u00eda y Gas, 2021). Dichas regulaciones permiten que las personas satisfagan su consumo de energ\u00eda el\u00e9ctrica y vendan los excedentes por cualquiera de los mecanismos mostrados en la figura de abajo.<\/p>\n<blockquote><p><em><strong>Excedente de energ\u00eda:<\/strong> toda entrega de energ\u00eda el\u00e9ctrica a la red realizada por un autogenerador, expresada en kWh.<\/em><\/p><\/blockquote>\n<p><img loading=\"lazy\" decoding=\"async\" class=\"alignnone size-full wp-image-1910\" src=\"https:\/\/www2.energia.coop\/colombia\/wp-content\/uploads\/2022\/11\/img_2.png\" alt=\"\" width=\"1221\" height=\"378\" srcset=\"https:\/\/www2.energia.coop\/colombia\/wp-content\/uploads\/2022\/11\/img_2.png 1221w, https:\/\/www2.energia.coop\/colombia\/wp-content\/uploads\/2022\/11\/img_2-300x93.png 300w, https:\/\/www2.energia.coop\/colombia\/wp-content\/uploads\/2022\/11\/img_2-1024x317.png 1024w, https:\/\/www2.energia.coop\/colombia\/wp-content\/uploads\/2022\/11\/img_2-768x238.png 768w\" sizes=\"auto, (max-width: 1221px) 100vw, 1221px\" \/><\/p>\n<p><em>Figure 13. Alternativas de comercializaci\u00f3n de la energ\u00eda para AGPE que usan FNCER. Resoluci\u00f3n CREG 174 del 2021, cap\u00edtulo 5-art\u00edculo 23 y 25.<\/em><\/p>\n<p>La primera alternativa de comercializaci\u00f3n es vender los excedentes en el mercado no regulado a una compa\u00f1\u00eda generadora o comercializadora, a un precio es acordado libremente. En la segunda alternativa, el excedente se vende en el mercado regulado bajo una formula tarifaria definida, que puede ser en cr\u00e9ditos de energ\u00eda o valoraci\u00f3n horaria.<\/p>\n<p>Los cr\u00e9ditos de energ\u00eda son un concepto asociado con el excedente, pero no es un excedente y son definidos por la regulaci\u00f3n de la siguiente manera:<\/p>\n<blockquote>\n<p style=\"text-align: center;\"><em><strong>Cr\u00e9dito de energ\u00eda:<\/strong> Toda entrega de energ\u00eda el\u00e9ctrica a la red realizada por un autogenerador, expresada en kWh. En consecuencia, no es un excedente dado que es menor que el autoconsumo m\u00e1ximo mensual, pero como la medici\u00f3n el\u00e9ctrica se hace mensual y no por hora la inyecci\u00f3n diaria de energ\u00eda solar cubre el consumo nocturno y por esta raz\u00f3n se entiende como un cr\u00e9dito.<\/em><\/p>\n<\/blockquote>\n<p>En consecuencia, el comercializador le cobrar\u00e1 al AGPE el costo de la comercializaci\u00f3n de cada kilovatio hora que consuma.<\/p>\n<p>En contraste, la alternativa de valoraci\u00f3n horaria aplica cuando los excedentes de energ\u00eda exceden el consumo de energ\u00eda que extraen de la red en el periodo de facturaci\u00f3n, en este caso la energ\u00eda ser\u00e1 comprada por el comercializador a la tasa horaria correspondiente al mercado de la energ\u00eda.<\/p>\n<p>La principal diferencia entre el AGPE y GD es que el primero no est\u00e1 concebido para vender energ\u00eda m\u00e1s all\u00e1 de algunos excedentes, mientras que el GD tiene el objetivo de vender toda la energ\u00eda que genera. El GD puede comercializar su energ\u00eda de varias maneras diferentes:<\/p>\n<ul>\n<li>De acuerdo con la resoluci\u00f3n CREG 096 del 2019, el GD puede vender energ\u00eda a un comercializador que opere en el mercado regulado, participando de subastas p\u00fablicas abiertas por las compa\u00f1\u00edas. El contrato se le adjudica a quien haga la oferta m\u00e1s baja (Comisi\u00f3n de Regulaci\u00f3n de Energ\u00eda y Gas CREG, 2019).<\/li>\n<li>El GD puede vender su energ\u00eda a un precio acordado libremente con un generador o comercializador que provea al mercado no regulado.<\/li>\n<li>Puede venderla directamente al comercializador integrado al operador de red, quien est\u00e1 obligado a comprar su energ\u00eda a un precio calculado, agregando al precio del mercado ($\/KWh) un peque\u00f1o beneficio que trae la generaci\u00f3n distribuida al sistema de distribuci\u00f3n local al cual est\u00e1 conectado.<\/li>\n<\/ul>\n<h1>Fuentes<\/h1>\n<p>[1]XM. \u201cGeneraci\u00f3n Del SIN.\u201d <i>XM Sumando Energ\u00edas<\/i>, 1 Apr. 2022, https:\/\/informeanual.xm.com.co\/informe\/pages\/xm\/21-generacion-del-sin.html.<\/p>\n<p>[2]CIDET. \u201cDisponibilidad De Biomasa Residual y Su Potencial En Colombia \u2022 Cidet: Soluciones Para La Industria El\u00e9ctrica.\u201d <i>CIDET Programa Aumento De La Conciencia Ciudadana<\/i>, 4 Sept. 2019, https:\/\/cidet.org.co\/disponibilidad-de-biomasa-residual-y-su-potencial-en-colombia\/#:~:text=Se%20encontr%C3%B3%20que%20el%20pa%C3%ADs,datos%20del%20Balance%20Energ%C3%A9tico%20Colombiano.<\/p>\n<p>[3]Ministerio de Minas y Energ\u00eda de Colombia, and Ministerio de Ambiente, Vivienda y Desarrollo Colombiano. \u201cAtlas De Redacci\u00f3n Solar De Colombia .\u201d <i>Atlas De Redacci\u00f3n Solar De Colombia<\/i>, Rep\u00fablica De Colombia Ministerio De Minas y Energ\u00eda, Bogot\u00e1, 2005, pp. 15\u201322.<\/p>\n<p>[4]P\u00e9rez Godoy, Mar\u00eda Camila. \u201cPotencial De Energ\u00eda E\u00f3lica En El Pa\u00eds Es Tres Veces Superior Al De La Generaci\u00f3n Actual.\u201d <i>La Rep\u00fablica<\/i>, 4 May 2022, https:\/\/www.larepublica.co\/economia\/el-potencial-de-la-energia-eolica-en-el-pais-es-tres-veces-superior-al-de-la-generacion-actual-3356354.<\/p>\n<p>[5]Urrego, Anderson. \u201cColombia Tiene Capacidad Potencial De 1.170 MW De Generaci\u00f3n a Trav\u00e9s De Geotermia.\u201d <i>Diario La Rep\u00fablica<\/i>, 27 Sept. 2021, https:\/\/www.larepublica.co\/economia\/colombia-tiene-potencial-de-1-170-mw-de-generacion-a-traves-de-recursos-geotermicos-3238058#:~:text=Colombia%20tiene%20capacidad%20potencial%20de%201.170%20MW%20de%20generaci%C3%B3n%20a%20trav%C3%A9s%20de%20geotermia.<\/p>\n<div><\/div>\n<div><\/div>\n","protected":false},"excerpt":{"rendered":"<p>Contexto energ\u00e9tico colombiano El Sistema Interconectado Nacional (SIN) contiene todas las l\u00edneas de transmisi\u00f3n y las subestaciones del pa\u00eds. El SIN es la red a trav\u00e9s de cual se administra y transporta la energ\u00eda desde los centros de generaci\u00f3n hasta cada uno de los hogares. Tiene una cobertura de cerca del 97% de la poblaci\u00f3n [&hellip;]<\/p>\n","protected":false},"author":2,"featured_media":0,"parent":0,"menu_order":9,"comment_status":"closed","ping_status":"closed","template":"page-setor-energia.php","meta":{"footnotes":""},"class_list":["post-23","page","type-page","status-publish","hentry"],"yoast_head":"<!-- This site is optimized with the Yoast SEO plugin v27.4 - https:\/\/yoast.com\/product\/yoast-seo-wordpress\/ -->\n<title>Sector de Energ\u00eda - Energia Cooperativa<\/title>\n<meta name=\"robots\" content=\"index, follow, max-snippet:-1, max-image-preview:large, max-video-preview:-1\" \/>\n<link rel=\"canonical\" href=\"https:\/\/www2.energia.coop\/colombia\/sector-de-energico\/\" \/>\n<meta property=\"og:locale\" content=\"pt_BR\" \/>\n<meta property=\"og:type\" content=\"article\" \/>\n<meta property=\"og:title\" content=\"Sector de Energ\u00eda - Energia Cooperativa\" \/>\n<meta property=\"og:description\" content=\"Contexto energ\u00e9tico colombiano El Sistema Interconectado Nacional (SIN) contiene todas las l\u00edneas de transmisi\u00f3n y las subestaciones del pa\u00eds. El SIN es la red a trav\u00e9s de cual se administra y transporta la energ\u00eda desde los centros de generaci\u00f3n hasta cada uno de los hogares. Tiene una cobertura de cerca del 97% de la poblaci\u00f3n [&hellip;]\" \/>\n<meta property=\"og:url\" content=\"https:\/\/www2.energia.coop\/colombia\/sector-de-energico\/\" \/>\n<meta property=\"og:site_name\" content=\"Energia Cooperativa\" \/>\n<meta property=\"article:modified_time\" content=\"2023-02-16T17:10:35+00:00\" \/>\n<meta property=\"og:image\" content=\"https:\/\/www2.energia.coop\/colombia\/wp-content\/uploads\/2022\/11\/setor_1-e1676566164902.png\" \/>\n<meta name=\"twitter:card\" content=\"summary_large_image\" \/>\n<meta name=\"twitter:label1\" content=\"Est. tempo de leitura\" \/>\n\t<meta name=\"twitter:data1\" content=\"16 minutos\" \/>\n<script type=\"application\/ld+json\" class=\"yoast-schema-graph\">{\"@context\":\"https:\\\/\\\/schema.org\",\"@graph\":[{\"@type\":\"WebPage\",\"@id\":\"https:\\\/\\\/www2.energia.coop\\\/colombia\\\/sector-de-energico\\\/\",\"url\":\"https:\\\/\\\/www2.energia.coop\\\/colombia\\\/sector-de-energico\\\/\",\"name\":\"Sector de Energ\u00eda - Energia Cooperativa\",\"isPartOf\":{\"@id\":\"https:\\\/\\\/www2.energia.coop\\\/colombia\\\/#website\"},\"primaryImageOfPage\":{\"@id\":\"https:\\\/\\\/www2.energia.coop\\\/colombia\\\/sector-de-energico\\\/#primaryimage\"},\"image\":{\"@id\":\"https:\\\/\\\/www2.energia.coop\\\/colombia\\\/sector-de-energico\\\/#primaryimage\"},\"thumbnailUrl\":\"https:\\\/\\\/www2.energia.coop\\\/colombia\\\/wp-content\\\/uploads\\\/2022\\\/11\\\/setor_1-e1676566164902.png\",\"datePublished\":\"2020-08-25T23:06:40+00:00\",\"dateModified\":\"2023-02-16T17:10:35+00:00\",\"inLanguage\":\"pt-BR\",\"potentialAction\":[{\"@type\":\"ReadAction\",\"target\":[\"https:\\\/\\\/www2.energia.coop\\\/colombia\\\/sector-de-energico\\\/\"]}]},{\"@type\":\"ImageObject\",\"inLanguage\":\"pt-BR\",\"@id\":\"https:\\\/\\\/www2.energia.coop\\\/colombia\\\/sector-de-energico\\\/#primaryimage\",\"url\":\"https:\\\/\\\/www2.energia.coop\\\/colombia\\\/wp-content\\\/uploads\\\/2022\\\/11\\\/setor_1-e1676566164902.png\",\"contentUrl\":\"https:\\\/\\\/www2.energia.coop\\\/colombia\\\/wp-content\\\/uploads\\\/2022\\\/11\\\/setor_1-e1676566164902.png\",\"width\":1139,\"height\":230},{\"@type\":\"WebSite\",\"@id\":\"https:\\\/\\\/www2.energia.coop\\\/colombia\\\/#website\",\"url\":\"https:\\\/\\\/www2.energia.coop\\\/colombia\\\/\",\"name\":\"Energia Cooperativa\",\"description\":\"\",\"potentialAction\":[{\"@type\":\"SearchAction\",\"target\":{\"@type\":\"EntryPoint\",\"urlTemplate\":\"https:\\\/\\\/www2.energia.coop\\\/colombia\\\/?s={search_term_string}\"},\"query-input\":{\"@type\":\"PropertyValueSpecification\",\"valueRequired\":true,\"valueName\":\"search_term_string\"}}],\"inLanguage\":\"pt-BR\"}]}<\/script>\n<!-- \/ Yoast SEO plugin. -->","yoast_head_json":{"title":"Sector de Energ\u00eda - Energia Cooperativa","robots":{"index":"index","follow":"follow","max-snippet":"max-snippet:-1","max-image-preview":"max-image-preview:large","max-video-preview":"max-video-preview:-1"},"canonical":"https:\/\/www2.energia.coop\/colombia\/sector-de-energico\/","og_locale":"pt_BR","og_type":"article","og_title":"Sector de Energ\u00eda - Energia Cooperativa","og_description":"Contexto energ\u00e9tico colombiano El Sistema Interconectado Nacional (SIN) contiene todas las l\u00edneas de transmisi\u00f3n y las subestaciones del pa\u00eds. El SIN es la red a trav\u00e9s de cual se administra y transporta la energ\u00eda desde los centros de generaci\u00f3n hasta cada uno de los hogares. Tiene una cobertura de cerca del 97% de la poblaci\u00f3n [&hellip;]","og_url":"https:\/\/www2.energia.coop\/colombia\/sector-de-energico\/","og_site_name":"Energia Cooperativa","article_modified_time":"2023-02-16T17:10:35+00:00","og_image":[{"url":"https:\/\/www2.energia.coop\/colombia\/wp-content\/uploads\/2022\/11\/setor_1-e1676566164902.png","type":"","width":"","height":""}],"twitter_card":"summary_large_image","twitter_misc":{"Est. tempo de leitura":"16 minutos"},"schema":{"@context":"https:\/\/schema.org","@graph":[{"@type":"WebPage","@id":"https:\/\/www2.energia.coop\/colombia\/sector-de-energico\/","url":"https:\/\/www2.energia.coop\/colombia\/sector-de-energico\/","name":"Sector de Energ\u00eda - Energia Cooperativa","isPartOf":{"@id":"https:\/\/www2.energia.coop\/colombia\/#website"},"primaryImageOfPage":{"@id":"https:\/\/www2.energia.coop\/colombia\/sector-de-energico\/#primaryimage"},"image":{"@id":"https:\/\/www2.energia.coop\/colombia\/sector-de-energico\/#primaryimage"},"thumbnailUrl":"https:\/\/www2.energia.coop\/colombia\/wp-content\/uploads\/2022\/11\/setor_1-e1676566164902.png","datePublished":"2020-08-25T23:06:40+00:00","dateModified":"2023-02-16T17:10:35+00:00","inLanguage":"pt-BR","potentialAction":[{"@type":"ReadAction","target":["https:\/\/www2.energia.coop\/colombia\/sector-de-energico\/"]}]},{"@type":"ImageObject","inLanguage":"pt-BR","@id":"https:\/\/www2.energia.coop\/colombia\/sector-de-energico\/#primaryimage","url":"https:\/\/www2.energia.coop\/colombia\/wp-content\/uploads\/2022\/11\/setor_1-e1676566164902.png","contentUrl":"https:\/\/www2.energia.coop\/colombia\/wp-content\/uploads\/2022\/11\/setor_1-e1676566164902.png","width":1139,"height":230},{"@type":"WebSite","@id":"https:\/\/www2.energia.coop\/colombia\/#website","url":"https:\/\/www2.energia.coop\/colombia\/","name":"Energia Cooperativa","description":"","potentialAction":[{"@type":"SearchAction","target":{"@type":"EntryPoint","urlTemplate":"https:\/\/www2.energia.coop\/colombia\/?s={search_term_string}"},"query-input":{"@type":"PropertyValueSpecification","valueRequired":true,"valueName":"search_term_string"}}],"inLanguage":"pt-BR"}]}},"post_mailing_queue_ids":[],"_links":{"self":[{"href":"https:\/\/www2.energia.coop\/colombia\/wp-json\/wp\/v2\/pages\/23","targetHints":{"allow":["GET"]}}],"collection":[{"href":"https:\/\/www2.energia.coop\/colombia\/wp-json\/wp\/v2\/pages"}],"about":[{"href":"https:\/\/www2.energia.coop\/colombia\/wp-json\/wp\/v2\/types\/page"}],"author":[{"embeddable":true,"href":"https:\/\/www2.energia.coop\/colombia\/wp-json\/wp\/v2\/users\/2"}],"replies":[{"embeddable":true,"href":"https:\/\/www2.energia.coop\/colombia\/wp-json\/wp\/v2\/comments?post=23"}],"version-history":[{"count":0,"href":"https:\/\/www2.energia.coop\/colombia\/wp-json\/wp\/v2\/pages\/23\/revisions"}],"wp:attachment":[{"href":"https:\/\/www2.energia.coop\/colombia\/wp-json\/wp\/v2\/media?parent=23"}],"curies":[{"name":"wp","href":"https:\/\/api.w.org\/{rel}","templated":true}]}}